{"id":1633,"date":"2021-11-04T19:59:43","date_gmt":"2021-11-04T22:59:43","guid":{"rendered":"https:\/\/cgilardi-cba.infd.edu.ar\/sitio\/?page_id=1633"},"modified":"2025-04-29T21:01:56","modified_gmt":"2025-04-30T00:01:56","slug":"noticias","status":"publish","type":"page","link":"https:\/\/cgilardi-cba.infd.edu.ar\/sitio\/noticias\/","title":{"rendered":"NOTICIAS"},"content":{"rendered":"\n<figure class=\"wp-block-image size-medium\"><img decoding=\"async\" loading=\"lazy\" width=\"707\" height=\"1000\" src=\"https:\/\/cgilardi-cba.infd.edu.ar\/sitio\/wp-content\/uploads\/2025\/04\/WhatsApp-Image-2025-04-29-at-11.14.50-707x1000.jpeg\" alt=\"\" class=\"wp-image-1834\" srcset=\"https:\/\/cgilardi-cba.infd.edu.ar\/sitio\/wp-content\/uploads\/2025\/04\/WhatsApp-Image-2025-04-29-at-11.14.50-707x1000.jpeg 707w, https:\/\/cgilardi-cba.infd.edu.ar\/sitio\/wp-content\/uploads\/2025\/04\/WhatsApp-Image-2025-04-29-at-11.14.50-768x1086.jpeg 768w, https:\/\/cgilardi-cba.infd.edu.ar\/sitio\/wp-content\/uploads\/2025\/04\/WhatsApp-Image-2025-04-29-at-11.14.50-1086x1536.jpeg 1086w, https:\/\/cgilardi-cba.infd.edu.ar\/sitio\/wp-content\/uploads\/2025\/04\/WhatsApp-Image-2025-04-29-at-11.14.50.jpeg 1131w\" sizes=\"(max-width: 707px) 100vw, 707px\" \/><\/figure>\n\n\n\n<p><strong><em>24 de marzo, D\u00eda de la Memoria, por la Verdad y la Justicia<\/em><\/strong><\/p>\n\n\n\n<p><strong><em>Ley 25.633<\/em><\/strong><\/p>\n\n\n\n<p><strong>Hoy 24 de marzo de 2024, a 48 a\u00f1os de la \u00faltima dictadura c\u00edvico, militar y eclesi\u00e1stica, reivindicamos la Democracia, los derechos humanos y la justicia social. Recordamos a las v\u00edctimas del terrorismo de Estado, quienes luchaban por estos ideales, renovando nuestro compromiso de construir un pa\u00eds m\u00e1s justo y con memoria desde nuestra labor educativa.<\/strong><\/p>\n\n\n\n<p><strong>Hoy m\u00e1s que nunca decimos, \u00a1Nunca M\u00e1s!<\/strong><\/p>\n\n\n\n<p><strong>Nunca m\u00e1s a un golpe genocida, a los asesinatos, torturas, vejaciones, robo de beb\u00e9s y desapariciones de personas. No hay grises en un genocidio. Nunca m\u00e1s al silencio y complicidad ante el hambre y el poder de quienes se creen due\u00f1os del mundo.<\/strong><\/p>\n\n\n\n<p><em><strong>Ojal\u00e1 sepamos en que vereda caminar para construir sue\u00f1os colectivamente para los destinos plurales.<\/strong><\/em><\/p>\n\n\n\n<p><strong>Compartimos un poema de Eduardo Galeano<\/strong><\/p>\n\n\n\n<p><em>Ojal\u00e1 seamos dignos de la desesperada esperanza.<\/em><\/p>\n\n\n\n<p><em>Ojal\u00e1 podamos tener el coraje de estar solos y la valent\u00eda de arriesgarnos a estar juntos, porque de nada sirve un diente fuera de la boca, ni un dedo fuera de la mano.<\/em><\/p>\n\n\n\n<p><em>Ojal\u00e1 podamos ser desobedientes, cada vez que recibimos \u00f3rdenes que humillan nuestra conciencia o violan nuestro sentido com\u00fan.<\/em><\/p>\n\n\n\n<p><em>Ojal\u00e1 podamos merecer que nos llamen locos, como han sido llamadas locas las Madres de Plaza de Mayo, por cometer la locura de negarnos a olvidar en los tiempos de la amnesia obligatoria.<\/em><\/p>\n\n\n\n<p><em>Ojal\u00e1 podamos ser tan porfiados para seguir creyendo, contra toda evidencia, que la condici\u00f3n humana vale la pena, porque hemos sido mal hechos, pero no estamos terminados.<\/em><\/p>\n\n\n\n<p><em>Ojal\u00e1 podamos ser capaces de seguir caminando los caminos del viento, a pesar de las ca\u00eddas y las traiciones y las derrotas, porque la historia contin\u00faa, m\u00e1s all\u00e1 de nosotros, y cuando ella dice adi\u00f3s, est\u00e1 diciendo: hasta luego.<\/em><\/p>\n\n\n\n<p><em>Ojal\u00e1 podamos mantener viva la certeza de que es posible ser compatriota y contempor\u00e1neo de todo aquel que viva animado por la voluntad de justicia y la voluntad de belleza, nazca donde nazca y viva cuando viva, porque no tienen fronteras los mapas del alma ni del tiempo<\/em><\/p>\n\n\n\n<p><strong>Para finalizar compatimos una canci\u00f3n compuesta por el m\u00fasico cordob\u00e9s Horacio Sosa.&nbsp;En la entrevista nos cuenta que fue interpretada por Mercedes Sosa y como naci\u00f3 la letra de <em>\u00abQuiero amar mi pa\u00eds\u00bb.&nbsp;<\/em><\/strong><\/p>\n\n\n\n<figure class=\"wp-block-embed is-type-video is-provider-youtube wp-block-embed-youtube wp-embed-aspect-16-9 wp-has-aspect-ratio\"><div class=\"wp-block-embed__wrapper\">\n<iframe loading=\"lazy\" title=\"\ud83d\udd34 Horacio Sosa | Quiero amar mi pa\u00eds | #21 Lo que se nos canta con Silvia Lallana\" width=\"1200\" height=\"675\" src=\"https:\/\/www.youtube.com\/embed\/oNpCQ8Q5Ugo?feature=oembed\" frameborder=\"0\" allow=\"accelerometer; autoplay; clipboard-write; encrypted-media; gyroscope; picture-in-picture; web-share\" referrerpolicy=\"strict-origin-when-cross-origin\" allowfullscreen><\/iframe>\n<\/div><\/figure>\n\n\n\n<p>Jornada \u00abEl Arte sale a la calle\u00bb<\/p>\n\n\n\n<p>El Martes 02 de Noviembre en el marco de <strong>El Arte sale a la calle<\/strong> y en articulaci\u00f3n con el municipio compartimos una jornada musical con los vecinos de Costa Esperanza. Estudiantes y docentes de TAP y Profesorado realizaron m\u00fasica en vivo y actividades musicales, Fue una tarde hermosa de mucho aprendizaje.<br>Gracias a todos los que de una u otra manera contribuyeron para que esto sea posible.<\/p>\n\n\n\n<figure class=\"wp-block-gallery has-nested-images columns-default is-cropped wp-block-gallery-1 is-layout-flex\">\n<figure class=\"wp-block-image size-large\"><img decoding=\"async\" loading=\"lazy\" width=\"1600\" height=\"1200\" data-id=\"1638\"  src=\"https:\/\/cgilardi-cba.infd.edu.ar\/sitio\/wp-content\/uploads\/2021\/11\/WhatsApp-Image-2021-11-02-at-17.44.58.jpeg\" alt=\"\" class=\"wp-image-1638\" srcset=\"https:\/\/cgilardi-cba.infd.edu.ar\/sitio\/wp-content\/uploads\/2021\/11\/WhatsApp-Image-2021-11-02-at-17.44.58.jpeg 1600w, https:\/\/cgilardi-cba.infd.edu.ar\/sitio\/wp-content\/uploads\/2021\/11\/WhatsApp-Image-2021-11-02-at-17.44.58-1000x750.jpeg 1000w, https:\/\/cgilardi-cba.infd.edu.ar\/sitio\/wp-content\/uploads\/2021\/11\/WhatsApp-Image-2021-11-02-at-17.44.58-768x576.jpeg 768w, https:\/\/cgilardi-cba.infd.edu.ar\/sitio\/wp-content\/uploads\/2021\/11\/WhatsApp-Image-2021-11-02-at-17.44.58-1536x1152.jpeg 1536w\" sizes=\"(max-width: 1600px) 100vw, 1600px\" \/><\/figure>\n\n\n\n<figure class=\"wp-block-image size-large\"><img decoding=\"async\" loading=\"lazy\" width=\"1200\" height=\"1600\" data-id=\"1640\"  src=\"https:\/\/cgilardi-cba.infd.edu.ar\/sitio\/wp-content\/uploads\/2021\/11\/WhatsApp-Image-2021-11-02-at-17.46.22.jpeg\" alt=\"\" class=\"wp-image-1640\" srcset=\"https:\/\/cgilardi-cba.infd.edu.ar\/sitio\/wp-content\/uploads\/2021\/11\/WhatsApp-Image-2021-11-02-at-17.46.22.jpeg 1200w, https:\/\/cgilardi-cba.infd.edu.ar\/sitio\/wp-content\/uploads\/2021\/11\/WhatsApp-Image-2021-11-02-at-17.46.22-750x1000.jpeg 750w, https:\/\/cgilardi-cba.infd.edu.ar\/sitio\/wp-content\/uploads\/2021\/11\/WhatsApp-Image-2021-11-02-at-17.46.22-768x1024.jpeg 768w, https:\/\/cgilardi-cba.infd.edu.ar\/sitio\/wp-content\/uploads\/2021\/11\/WhatsApp-Image-2021-11-02-at-17.46.22-1152x1536.jpeg 1152w\" sizes=\"(max-width: 1200px) 100vw, 1200px\" \/><\/figure>\n\n\n\n<figure class=\"wp-block-image size-large\"><img decoding=\"async\" loading=\"lazy\" width=\"1200\" height=\"1600\" data-id=\"1641\"  src=\"https:\/\/cgilardi-cba.infd.edu.ar\/sitio\/wp-content\/uploads\/2021\/11\/WhatsApp-Image-2021-11-02-at-17.46.24-1.jpeg\" alt=\"\" class=\"wp-image-1641\" srcset=\"https:\/\/cgilardi-cba.infd.edu.ar\/sitio\/wp-content\/uploads\/2021\/11\/WhatsApp-Image-2021-11-02-at-17.46.24-1.jpeg 1200w, https:\/\/cgilardi-cba.infd.edu.ar\/sitio\/wp-content\/uploads\/2021\/11\/WhatsApp-Image-2021-11-02-at-17.46.24-1-750x1000.jpeg 750w, https:\/\/cgilardi-cba.infd.edu.ar\/sitio\/wp-content\/uploads\/2021\/11\/WhatsApp-Image-2021-11-02-at-17.46.24-1-768x1024.jpeg 768w, https:\/\/cgilardi-cba.infd.edu.ar\/sitio\/wp-content\/uploads\/2021\/11\/WhatsApp-Image-2021-11-02-at-17.46.24-1-1152x1536.jpeg 1152w\" sizes=\"(max-width: 1200px) 100vw, 1200px\" \/><\/figure>\n\n\n\n<figure class=\"wp-block-image size-large\"><img decoding=\"async\" loading=\"lazy\" width=\"1600\" height=\"772\" data-id=\"1639\"  src=\"https:\/\/cgilardi-cba.infd.edu.ar\/sitio\/wp-content\/uploads\/2021\/11\/WhatsApp-Image-2021-11-02-at-17.46.18.jpeg\" alt=\"\" class=\"wp-image-1639\" srcset=\"https:\/\/cgilardi-cba.infd.edu.ar\/sitio\/wp-content\/uploads\/2021\/11\/WhatsApp-Image-2021-11-02-at-17.46.18.jpeg 1600w, https:\/\/cgilardi-cba.infd.edu.ar\/sitio\/wp-content\/uploads\/2021\/11\/WhatsApp-Image-2021-11-02-at-17.46.18-1000x483.jpeg 1000w, https:\/\/cgilardi-cba.infd.edu.ar\/sitio\/wp-content\/uploads\/2021\/11\/WhatsApp-Image-2021-11-02-at-17.46.18-768x371.jpeg 768w, https:\/\/cgilardi-cba.infd.edu.ar\/sitio\/wp-content\/uploads\/2021\/11\/WhatsApp-Image-2021-11-02-at-17.46.18-1536x741.jpeg 1536w\" sizes=\"(max-width: 1600px) 100vw, 1600px\" \/><\/figure>\n<\/figure>\n\n\n<div class=\"wp-block-image\">\n<figure class=\"alignleft size-large is-resized\"><img decoding=\"async\" loading=\"lazy\" src=\"https:\/\/cgilardi-cba.infd.edu.ar\/sitio\/wp-content\/uploads\/2021\/11\/image.png\" alt=\"\" class=\"wp-image-1654\" width=\"482\" height=\"98\"\/><figcaption class=\"wp-element-caption\"><br>En el marco de los festejos de los 347 a\u00f1os de la fundaci\u00f3n<br> de nuestro querido Bell Ville, <br>el Conservatorio dijo presente formando parte del desfile <br>realizado el Martes 9 de Noviembre.<br><img decoding=\"async\" loading=\"lazy\" width=\"1280\" height=\"960\" class=\"wp-image-1658\" style=\"width: 316px;\" src=\"https:\/\/cgilardi-cba.infd.edu.ar\/sitio\/wp-content\/uploads\/2021\/11\/WhatsApp-Image-2021-11-09-at-10.57.28-1.jpeg\" alt=\"\" srcset=\"https:\/\/cgilardi-cba.infd.edu.ar\/sitio\/wp-content\/uploads\/2021\/11\/WhatsApp-Image-2021-11-09-at-10.57.28-1.jpeg 1280w, https:\/\/cgilardi-cba.infd.edu.ar\/sitio\/wp-content\/uploads\/2021\/11\/WhatsApp-Image-2021-11-09-at-10.57.28-1-1000x750.jpeg 1000w, https:\/\/cgilardi-cba.infd.edu.ar\/sitio\/wp-content\/uploads\/2021\/11\/WhatsApp-Image-2021-11-09-at-10.57.28-1-768x576.jpeg 768w\" sizes=\"(max-width: 1280px) 100vw, 1280px\" \/><img decoding=\"async\" loading=\"lazy\" width=\"1600\" height=\"1200\" class=\"wp-image-1659\" style=\"width: 317px;\" src=\"https:\/\/cgilardi-cba.infd.edu.ar\/sitio\/wp-content\/uploads\/2021\/11\/WhatsApp-Image-2021-11-09-at-11.01.31-1.jpeg\" alt=\"\" srcset=\"https:\/\/cgilardi-cba.infd.edu.ar\/sitio\/wp-content\/uploads\/2021\/11\/WhatsApp-Image-2021-11-09-at-11.01.31-1.jpeg 1600w, https:\/\/cgilardi-cba.infd.edu.ar\/sitio\/wp-content\/uploads\/2021\/11\/WhatsApp-Image-2021-11-09-at-11.01.31-1-1000x750.jpeg 1000w, https:\/\/cgilardi-cba.infd.edu.ar\/sitio\/wp-content\/uploads\/2021\/11\/WhatsApp-Image-2021-11-09-at-11.01.31-1-768x576.jpeg 768w, https:\/\/cgilardi-cba.infd.edu.ar\/sitio\/wp-content\/uploads\/2021\/11\/WhatsApp-Image-2021-11-09-at-11.01.31-1-1536x1152.jpeg 1536w\" sizes=\"(max-width: 1600px) 100vw, 1600px\" \/><img decoding=\"async\" loading=\"lazy\" width=\"1600\" height=\"1200\" class=\"wp-image-1660\" style=\"width: 316px;\" src=\"https:\/\/cgilardi-cba.infd.edu.ar\/sitio\/wp-content\/uploads\/2021\/11\/WhatsApp-Image-2021-11-09-at-11.01.37-1.jpeg\" alt=\"\" srcset=\"https:\/\/cgilardi-cba.infd.edu.ar\/sitio\/wp-content\/uploads\/2021\/11\/WhatsApp-Image-2021-11-09-at-11.01.37-1.jpeg 1600w, https:\/\/cgilardi-cba.infd.edu.ar\/sitio\/wp-content\/uploads\/2021\/11\/WhatsApp-Image-2021-11-09-at-11.01.37-1-1000x750.jpeg 1000w, https:\/\/cgilardi-cba.infd.edu.ar\/sitio\/wp-content\/uploads\/2021\/11\/WhatsApp-Image-2021-11-09-at-11.01.37-1-768x576.jpeg 768w, https:\/\/cgilardi-cba.infd.edu.ar\/sitio\/wp-content\/uploads\/2021\/11\/WhatsApp-Image-2021-11-09-at-11.01.37-1-1536x1152.jpeg 1536w\" sizes=\"(max-width: 1600px) 100vw, 1600px\" \/><br><br><\/figcaption><\/figure><\/div>\n\n\n<p><\/p>\n\n\n\n<figure class=\"wp-block-image\"><img alt=\"\"\/><\/figure>\n\n\n\n<figure class=\"wp-block-image\"><img alt=\"\"\/><\/figure>\n\n\n\n<figure class=\"wp-block-gallery has-nested-images columns-default is-cropped wp-block-gallery-3 is-layout-flex\"><\/figure>\n","protected":false},"excerpt":{"rendered":"<p>24 de marzo, D\u00eda de la Memoria, por la Verdad y la Justicia Ley 25.633 Hoy 24 de marzo de 2024, a 48 a\u00f1os de la \u00faltima dictadura c\u00edvico, militar y eclesi\u00e1stica, reivindicamos la Democracia, los derechos humanos y la justicia social. Recordamos a las v\u00edctimas del terrorismo de Estado, quienes luchaban por estos ideales, &#8230; <a title=\"NOTICIAS\" class=\"read-more\" href=\"https:\/\/cgilardi-cba.infd.edu.ar\/sitio\/noticias\/\" aria-label=\"More on NOTICIAS\">[+]<\/a><\/p>\n","protected":false},"author":99,"featured_media":0,"parent":0,"menu_order":0,"comment_status":"closed","ping_status":"closed","template":"","meta":[],"acf":[],"_links":{"self":[{"href":"https:\/\/cgilardi-cba.infd.edu.ar\/sitio\/wp-json\/wp\/v2\/pages\/1633"}],"collection":[{"href":"https:\/\/cgilardi-cba.infd.edu.ar\/sitio\/wp-json\/wp\/v2\/pages"}],"about":[{"href":"https:\/\/cgilardi-cba.infd.edu.ar\/sitio\/wp-json\/wp\/v2\/types\/page"}],"author":[{"embeddable":true,"href":"https:\/\/cgilardi-cba.infd.edu.ar\/sitio\/wp-json\/wp\/v2\/users\/99"}],"replies":[{"embeddable":true,"href":"https:\/\/cgilardi-cba.infd.edu.ar\/sitio\/wp-json\/wp\/v2\/comments?post=1633"}],"version-history":[{"count":21,"href":"https:\/\/cgilardi-cba.infd.edu.ar\/sitio\/wp-json\/wp\/v2\/pages\/1633\/revisions"}],"predecessor-version":[{"id":1846,"href":"https:\/\/cgilardi-cba.infd.edu.ar\/sitio\/wp-json\/wp\/v2\/pages\/1633\/revisions\/1846"}],"wp:attachment":[{"href":"https:\/\/cgilardi-cba.infd.edu.ar\/sitio\/wp-json\/wp\/v2\/media?parent=1633"}],"curies":[{"name":"wp","href":"https:\/\/api.w.org\/{rel}","templated":true}]}}